{"id":49,"date":"2020-07-23T09:06:09","date_gmt":"2020-07-23T06:06:09","guid":{"rendered":"http:\/\/www.vespafiz.com\/?page_id=49"},"modified":"2025-10-28T08:40:27","modified_gmt":"2025-10-28T05:40:27","slug":"referanslarimiz","status":"publish","type":"page","link":"http:\/\/www.vespafiz.com\/index.php\/referanslarimiz\/","title":{"rendered":"FAAL\u0130YETLER\u0130M\u0130Z"},"content":{"rendered":"<div class=\"wp-block-image\">\n<figure class=\"aligncenter size-large is-resized\"><img decoding=\"async\" loading=\"lazy\" src=\"http:\/\/www.vespafiz.com\/wp-content\/uploads\/2020\/07\/etkinlikler.jpg\" alt=\"\" class=\"wp-image-118\" width=\"740\" height=\"175\" srcset=\"http:\/\/www.vespafiz.com\/wp-content\/uploads\/2020\/07\/etkinlikler.jpg 817w, http:\/\/www.vespafiz.com\/wp-content\/uploads\/2020\/07\/etkinlikler-300x71.jpg 300w, http:\/\/www.vespafiz.com\/wp-content\/uploads\/2020\/07\/etkinlikler-768x181.jpg 768w\" sizes=\"(max-width: 740px) 100vw, 740px\" \/><figcaption class=\"wp-element-caption\">E\u011fitim Faaliyetlerimizden G\u00f6r\u00fcnt\u00fcler<\/figcaption><\/figure><\/div>\n\n\n<p>Vespafiz olarak, k\u00fcresel \u0131s\u0131nma ve iklim de\u011fi\u015fikli\u011fi konusunda sosyal sorumlulu\u011fumuzu yerine getirme gayreti i\u00e7erisindeyiz. Bu ama\u00e7la verdi\u011fimiz hizmetlerde hem fark\u0131ndal\u0131k yaratmak hem de \u00e7evreye olumlu katk\u0131 vermek \u00fczere a\u011fa\u00e7 dikimi etkinlikleri d\u00fczenlemekteyiz. Yukar\u0131daki foto\u011fraflardan birinde Adana \u0130l Tar\u0131m M\u00fcd\u00fcrl\u00fc\u011f\u00fc ile ger\u00e7ekle\u015ftirilmi\u015f a\u011fa\u00e7 dikim etkinli\u011fimiz g\u00f6r\u00fcnmektedir.<\/p>\n\n\n\n<p class=\"has-text-align-center\"><strong>E\u011e\u0130T\u0130M ALAN KURUM KATILIMCILARININ BAZILARININ G\u00d6R\u00dc\u015eLER\u0130 A\u015eA\u011eIDA SUNULMU\u015eTUR.<\/strong><\/p>\n\n\n\n<p>Ger\u00e7ekten fizibilite yapan ki\u015filerden, ger\u00e7ek \u00f6rnekler \u00fczerinden e\u011fitimin devam etmesi s\u00fcperdi. Ger\u00e7ek \u00f6rnekler \u00fczerinden, hakk\u0131yla yap\u0131lm\u0131\u015f bir fizibilite nas\u0131l yap\u0131l\u0131r t\u00fcm detaylar\u0131 ile \u00f6\u011frendi\u011fimiz bu e\u011fitim i\u00e7in VESPAF\u0130ZE te\u015fekk\u00fcr ederiz.<\/p>\n\n\n\n<p><strong>Orkun BA\u015eKAN . Eski\u015fehir Teknik \u00dcniversitesi- \u00d6\u011fretim G\u00f6revlisi, Haziran 2020<\/strong><\/p>\n\n\n\n<p>E\u011fitimde kaynaklar\u0131n bollu\u011fu ve bilgilerin netli\u011fi son derece verimli ve yeterli idi benim i\u00e7in. &nbsp;Ele\u015ftiri, d\u00fc\u015f\u00fcnce ve g\u00f6r\u00fc\u015flere kar\u015f\u0131 pozitif yakla\u015f\u0131m\u0131n\u0131z ve nezaketinizi formasyon olarak \u00e7ok be\u011fendim. \u00c7evreye kar\u015f\u0131 olan duyarl\u0131l\u0131\u011f\u0131n\u0131z ve insan-\u00fclkeye olan sevginizi \u00e7ok be\u011fendim. Sizinle tan\u0131\u015fm\u0131\u015f olmaktan ve bu dersleri alm\u0131\u015f olmaktan kendimi \u015fansl\u0131 hissediyorum.<\/p>\n\n\n\n<p><strong>Dr. Sedat TEL\u00c7EKEN Eski\u015fehir Organize Sanayi B\u00f6lgesi- Proje Y\u00f6neticisi, Haziran 2020<\/strong><\/p>\n\n\n\n<p>E\u011fitiminin \u00f6nce \u00e7at\u0131 olarak t\u00fcmden gelimle ba\u015flamas\u0131 (3 ayr\u0131 mod\u00fcl\u00fcn verilmesi) ve ard\u0131ndan detaya girip finalde de bir t\u00fcme var\u0131mla her\u015feyin birbirine ba\u011flanmas\u0131 konunun \u00e7ok iyi anla\u015f\u0131lmas\u0131n\u0131 sa\u011flad\u0131 (en az\u0131ndan benim i\u00e7in \u00f6yleydi). Ger\u00e7ek fizibiliteler \u00fczerinden uygulama yap\u0131lmas\u0131 ve konunun somuta indirgenmesi de \u00f6z\u00fcmsenmesi a\u00e7\u0131s\u0131ndan \u00e7ok g\u00fczeldi.<\/p>\n\n\n\n<p><strong>Faruk \u00d6NER&nbsp; \u0130neg\u00f6l Ticaret ve Sanayi Odas\u0131 -Genel Sekreter Yard\u0131mc\u0131s\u0131, Haziran 2020<\/strong><\/p>\n\n\n\n<p>Konulara hakimiyetinize hayran kald\u0131m ve sayg\u0131 duydum. Sizin gibi insanlardan bir\u015feyler \u00f6\u011frenmek beni \u00e7ok mutlu ediyor.<\/p>\n\n\n\n<p><strong>Pervin K\u00d6SE Bilecik Valili\u011fi AB ve D\u0131\u015f \u0130li\u015fkiler B\u00fcrosu- Proje Sorumlusu, Haziran 2020<\/strong><\/p>\n\n\n\n<p>\u0130\u00e7erik, sunum, materyal, soru-cevap olarak gayet ba\u015far\u0131l\u0131 bu e\u011fitim i\u00e7in te\u015fekk\u00fcr ederim. Tabi ki e\u011fitimin as\u0131l ba\u015far\u0131s\u0131 e\u011fitim alan ki\u015filerin haz\u0131rlad\u0131\u011f\u0131\/de\u011ferlendirdi\u011fi fizibilite say\u0131s\u0131 ve bu fizibilitelerden ba\u015far\u0131l\u0131 bir \u015fekilde hayata ge\u00e7irilen yat\u0131r\u0131m say\u0131s\u0131. Materyal a\u00e7\u0131s\u0131ndan \u00e7ok zengin bir e\u011fitim oldu. Her \u015fey g\u00f6nl\u00fcn\u00fczce olsun. G\u00fczel g\u00fcnler dileklerimle.<\/p>\n\n\n\n<p><strong>Halil \u0130brahim KIRLI, KUZKA Sinop Yat\u0131r\u0131m Destek Ofisi, <\/strong>Koordinat\u00f6r, Temmuz 2020<\/p>\n","protected":false},"excerpt":{"rendered":"<p>Vespafiz olarak, k\u00fcresel \u0131s\u0131nma ve iklim de\u011fi\u015fikli\u011fi konusunda sosyal sorumlulu\u011fumuzu yerine getirme gayreti i\u00e7erisindeyiz. Bu ama\u00e7la verdi\u011fimiz hizmetlerde hem fark\u0131ndal\u0131k yaratmak hem de \u00e7evreye olumlu katk\u0131 vermek \u00fczere a\u011fa\u00e7 dikimi etkinlikleri d\u00fczenlemekteyiz. Yukar\u0131daki foto\u011fraflardan birinde Adana \u0130l Tar\u0131m M\u00fcd\u00fcrl\u00fc\u011f\u00fc ile ger\u00e7ekle\u015ftirilmi\u015f a\u011fa\u00e7 dikim etkinli\u011fimiz g\u00f6r\u00fcnmektedir. E\u011e\u0130T\u0130M ALAN KURUM KATILIMCILARININ BAZILARININ G\u00d6R\u00dc\u015eLER\u0130 A\u015eA\u011eIDA SUNULMU\u015eTUR. Ger\u00e7ekten fizibilite&#8230;<a class=\"read-more-link button\" href=\"http:\/\/www.vespafiz.com\/index.php\/referanslarimiz\/\">Read more<\/a><\/p>\n","protected":false},"author":1,"featured_media":0,"parent":0,"menu_order":0,"comment_status":"closed","ping_status":"closed","template":"","meta":[],"_links":{"self":[{"href":"http:\/\/www.vespafiz.com\/index.php\/wp-json\/wp\/v2\/pages\/49"}],"collection":[{"href":"http:\/\/www.vespafiz.com\/index.php\/wp-json\/wp\/v2\/pages"}],"about":[{"href":"http:\/\/www.vespafiz.com\/index.php\/wp-json\/wp\/v2\/types\/page"}],"author":[{"embeddable":true,"href":"http:\/\/www.vespafiz.com\/index.php\/wp-json\/wp\/v2\/users\/1"}],"replies":[{"embeddable":true,"href":"http:\/\/www.vespafiz.com\/index.php\/wp-json\/wp\/v2\/comments?post=49"}],"version-history":[{"count":11,"href":"http:\/\/www.vespafiz.com\/index.php\/wp-json\/wp\/v2\/pages\/49\/revisions"}],"predecessor-version":[{"id":280,"href":"http:\/\/www.vespafiz.com\/index.php\/wp-json\/wp\/v2\/pages\/49\/revisions\/280"}],"wp:attachment":[{"href":"http:\/\/www.vespafiz.com\/index.php\/wp-json\/wp\/v2\/media?parent=49"}],"curies":[{"name":"wp","href":"https:\/\/api.w.org\/{rel}","templated":true}]}}